{"id":403057,"date":"2024-11-18T20:12:58","date_gmt":"2024-11-18T18:12:58","guid":{"rendered":"https:\/\/lpfestival.onpressidium.com\/?post_type=event&#038;p=403057"},"modified":"2025-01-22T20:10:27","modified_gmt":"2025-01-22T18:10:27","slug":"faut-il-aller-a-lecole","status":"publish","type":"event","link":"https:\/\/www.learning-planet.org\/fr\/event\/faut-il-aller-a-lecole\/","title":{"rendered":"Faut-il aller \u00e0 l&#8217;\u00e9cole?"},"content":{"rendered":"<p>Faut-il aller \u00e0 l&#8217;\u00e9cole ?<\/p>\n<p>L&#8217;Association Luxembourgeoise pour la Libert\u00e9 d&#8217;Instruction (ALLI asbl) a pour objectif de faire progresser le droit \u00e0 l\u2019instruction en accord avec les principes directeurs des droits fondamentaux, ouvrant ainsi la voie \u00e0 une plus grande effectivit\u00e9 des libert\u00e9s fondamentales pour tous.<\/p>\n<p>Lors de cette session nous proposons, lors d&#8217;une courte introduction, de rappeler les principes \u00e9thiques fondateurs du droit \u00e0 l&#8217;instruction, pour ensuite questionner la r\u00e9alit\u00e9 contemporaine de ce point de vue.<br \/>\nSe posera alors la question : &#8220;Faut-il aller \u00e0 l&#8217;\u00e9cole ?&#8221;.<\/p>\n<p>Pour y r\u00e9pondre nous avons invit\u00e9 Bertrand Stern &#8211; philosophe ind\u00e9pendant &#8211; d\u00e9fenseur de la libert\u00e9 de s&#8217;instruire en Allemagne depuis presque 50 ans. Rappelons que outre Rhin, le &#8220;Schulzwang&#8221; h\u00e9rit\u00e9 des jeunesses hitl\u00e9riennes, obligation absolue de fr\u00e9quenter un \u00e9tablissement scolaire malgr\u00e9 une inconstitutionnalit\u00e9 av\u00e9r\u00e9e, est toujours en vigueur.<br \/>\nDu c\u00f4t\u00e9 fran\u00e7ais, nous interrogerons Daliborka Milovanovic, fondatrice du GRR\u00c9 (Groupe de Recherche et de r\u00e9flexion sur l&#8217;\u00e9ducation), \u00e9ditrice d\u2019ouvrages sur l\u2019enfance et l\u2019\u00e9ducation et actuellement pr\u00e9sidente de l&#8217;OVEO (Observatoire de la violence \u00e9ducative ordinaire).<\/p>\n<p>Un temps d&#8217;\u00e9change ouvert avec le public pour r\u00e9pondre \u00e0 leurs questionnements clora la session.<\/p>\n<p>Lien vers la vid\u00e9o de la session<br \/>\n<iframe loading=\"lazy\" title=\"Faut-il aller \u00e0 l&#039;\u00e9cole? Learning Planet Festival 19.01.2025\" width=\"500\" height=\"375\" src=\"https:\/\/www.youtube.com\/embed\/BdYK_5UNHjQ?start=4&#038;feature=oembed\" frameborder=\"0\" allow=\"accelerometer; autoplay; clipboard-write; encrypted-media; gyroscope; picture-in-picture; web-share\" referrerpolicy=\"strict-origin-when-cross-origin\" allowfullscreen><\/iframe><\/p>","protected":false},"featured_media":0,"template":"","event-label":[166],"event-city":[],"event-country":[],"edition":[3806],"track":[],"event-sdg":[1205,1226,1346],"event-format":[1209],"target-participant":[1320],"topic":[28,918],"class_list":["post-403057","event","type-event","status-publish","hentry","event-label-festival-de-lapprendre","edition-3806","event-sdg-goal-4-quality-education","event-sdg-goal-10-reduced-inequalities","event-sdg-goal-16-peace-justice-and-strong-institutions","event-format-other","target-participant-youth-students","topic-youth-empowerment","topic-futures-literacy"],"aioseo_notices":[],"_links":{"self":[{"href":"https:\/\/www.learning-planet.org\/fr\/wp-json\/wp\/v2\/event\/403057","targetHints":{"allow":["GET"]}}],"collection":[{"href":"https:\/\/www.learning-planet.org\/fr\/wp-json\/wp\/v2\/event"}],"about":[{"href":"https:\/\/www.learning-planet.org\/fr\/wp-json\/wp\/v2\/types\/event"}],"wp:attachment":[{"href":"https:\/\/www.learning-planet.org\/fr\/wp-json\/wp\/v2\/media?parent=403057"}],"wp:term":[{"taxonomy":"event-label","embeddable":true,"href":"https:\/\/www.learning-planet.org\/fr\/wp-json\/wp\/v2\/event-label?post=403057"},{"taxonomy":"event-city","embeddable":true,"href":"https:\/\/www.learning-planet.org\/fr\/wp-json\/wp\/v2\/event-city?post=403057"},{"taxonomy":"event-country","embeddable":true,"href":"https:\/\/www.learning-planet.org\/fr\/wp-json\/wp\/v2\/event-country?post=403057"},{"taxonomy":"edition","embeddable":true,"href":"https:\/\/www.learning-planet.org\/fr\/wp-json\/wp\/v2\/edition?post=403057"},{"taxonomy":"track","embeddable":true,"href":"https:\/\/www.learning-planet.org\/fr\/wp-json\/wp\/v2\/track?post=403057"},{"taxonomy":"event-sdg","embeddable":true,"href":"https:\/\/www.learning-planet.org\/fr\/wp-json\/wp\/v2\/event-sdg?post=403057"},{"taxonomy":"event-format","embeddable":true,"href":"https:\/\/www.learning-planet.org\/fr\/wp-json\/wp\/v2\/event-format?post=403057"},{"taxonomy":"target-participant","embeddable":true,"href":"https:\/\/www.learning-planet.org\/fr\/wp-json\/wp\/v2\/target-participant?post=403057"},{"taxonomy":"topic","embeddable":true,"href":"https:\/\/www.learning-planet.org\/fr\/wp-json\/wp\/v2\/topic?post=403057"}],"curies":[{"name":"wp","href":"https:\/\/api.w.org\/{rel}","templated":true}]}}